{"id":2117,"date":"2022-06-18T18:03:20","date_gmt":"2022-06-18T22:03:20","guid":{"rendered":"https:\/\/reneaguirrephd.com\/es\/?page_id=2117"},"modified":"2022-06-20T23:35:31","modified_gmt":"2022-06-21T03:35:31","slug":"prensa","status":"publish","type":"page","link":"https:\/\/reneaguirrephd.com\/es\/prensa\/","title":{"rendered":"Prensa"},"content":{"rendered":"\t\t<div data-elementor-type=\"wp-page\" data-elementor-id=\"2117\" class=\"elementor elementor-2117\">\n\t\t\t\t\t\t<section class=\"elementor-section elementor-top-section elementor-element elementor-element-b7b360b elementor-section-boxed elementor-section-height-default elementor-section-height-default\" data-id=\"b7b360b\" data-element_type=\"section\">\n\t\t\t\t\t\t<div class=\"elementor-container elementor-column-gap-default\">\n\t\t\t\t\t<div class=\"elementor-column elementor-col-100 elementor-top-column elementor-element elementor-element-ef4e9bf\" data-id=\"ef4e9bf\" data-element_type=\"column\">\n\t\t\t<div class=\"elementor-widget-wrap elementor-element-populated\">\n\t\t\t\t\t\t<div class=\"elementor-element elementor-element-561fac1 elementor-widget elementor-widget-heading\" data-id=\"561fac1\" data-element_type=\"widget\" data-widget_type=\"heading.default\">\n\t\t\t\t<div class=\"elementor-widget-container\">\n\t\t\t\t\t<h2 class=\"elementor-heading-title elementor-size-default\">Prensa<\/h2>\t\t\t\t<\/div>\n\t\t\t\t<\/div>\n\t\t\t\t\t<\/div>\n\t\t<\/div>\n\t\t\t\t\t<\/div>\n\t\t<\/section>\n\t\t\t\t<section class=\"elementor-section elementor-top-section elementor-element elementor-element-26493cb elementor-section-boxed elementor-section-height-default elementor-section-height-default\" data-id=\"26493cb\" data-element_type=\"section\">\n\t\t\t\t\t\t<div class=\"elementor-container elementor-column-gap-default\">\n\t\t\t\t\t<div class=\"elementor-column elementor-col-100 elementor-top-column elementor-element elementor-element-5255e8b\" data-id=\"5255e8b\" data-element_type=\"column\">\n\t\t\t<div class=\"elementor-widget-wrap elementor-element-populated\">\n\t\t\t\t\t\t<div class=\"elementor-element elementor-element-fe6deb1 elementor-grid-2 elementor-grid-tablet-2 elementor-grid-mobile-1 elementor-posts--thumbnail-top elementor-card-shadow-yes elementor-posts__hover-gradient elementor-widget elementor-widget-posts\" data-id=\"fe6deb1\" data-element_type=\"widget\" data-settings=\"{&quot;cards_columns&quot;:&quot;2&quot;,&quot;pagination_type&quot;:&quot;numbers_and_prev_next&quot;,&quot;cards_columns_tablet&quot;:&quot;2&quot;,&quot;cards_columns_mobile&quot;:&quot;1&quot;,&quot;cards_row_gap&quot;:{&quot;unit&quot;:&quot;px&quot;,&quot;size&quot;:35,&quot;sizes&quot;:[]},&quot;cards_row_gap_tablet&quot;:{&quot;unit&quot;:&quot;px&quot;,&quot;size&quot;:&quot;&quot;,&quot;sizes&quot;:[]},&quot;cards_row_gap_mobile&quot;:{&quot;unit&quot;:&quot;px&quot;,&quot;size&quot;:&quot;&quot;,&quot;sizes&quot;:[]}}\" data-widget_type=\"posts.cards\">\n\t\t\t\t<div class=\"elementor-widget-container\">\n\t\t\t\t\t\t\t<div class=\"elementor-posts-container elementor-posts elementor-posts--skin-cards elementor-grid\">\n\t\t\t\t<article class=\"elementor-post elementor-grid-item post-2125 post type-post status-publish format-standard has-post-thumbnail hentry category-prensa\">\n\t\t\t<div class=\"elementor-post__card\">\n\t\t\t\t<a class=\"elementor-post__thumbnail__link\" href=\"https:\/\/reneaguirrephd.com\/es\/2022\/06\/18\/profesiones-para-nuevas-generaciones-postpandemia\/\" ><div class=\"elementor-post__thumbnail\"><img fetchpriority=\"high\" decoding=\"async\" width=\"1909\" height=\"1029\" src=\"https:\/\/reneaguirrephd.com\/es\/wp-content\/uploads\/2022\/06\/im-storie-las-10-profesiones-del-futuro-para-las-que-hay-que-formarse-hoy-desktop.jpg\" class=\"attachment-full size-full wp-image-2127\" alt=\"\" srcset=\"https:\/\/reneaguirrephd.com\/es\/wp-content\/uploads\/2022\/06\/im-storie-las-10-profesiones-del-futuro-para-las-que-hay-que-formarse-hoy-desktop.jpg 1909w, https:\/\/reneaguirrephd.com\/es\/wp-content\/uploads\/2022\/06\/im-storie-las-10-profesiones-del-futuro-para-las-que-hay-que-formarse-hoy-desktop-300x162.jpg 300w, https:\/\/reneaguirrephd.com\/es\/wp-content\/uploads\/2022\/06\/im-storie-las-10-profesiones-del-futuro-para-las-que-hay-que-formarse-hoy-desktop-1024x552.jpg 1024w, https:\/\/reneaguirrephd.com\/es\/wp-content\/uploads\/2022\/06\/im-storie-las-10-profesiones-del-futuro-para-las-que-hay-que-formarse-hoy-desktop-768x414.jpg 768w, https:\/\/reneaguirrephd.com\/es\/wp-content\/uploads\/2022\/06\/im-storie-las-10-profesiones-del-futuro-para-las-que-hay-que-formarse-hoy-desktop-1536x828.jpg 1536w\" sizes=\"(max-width: 1909px) 100vw, 1909px\" \/><\/div><\/a>\n\t\t\t\t<div class=\"elementor-post__text\">\n\t\t\t\t<h3 class=\"elementor-post__title\">\n\t\t\t<a href=\"https:\/\/reneaguirrephd.com\/es\/2022\/06\/18\/profesiones-para-nuevas-generaciones-postpandemia\/\" >\n\t\t\t\tProfesiones para Nuevas Generaciones Postpandemia\t\t\t<\/a>\n\t\t<\/h3>\n\t\t\t\t<div class=\"elementor-post__excerpt\">\n\t\t\t<p>Profesiones para Nuevas Generaciones Postpandemia Como algunos temas de inter\u00e9s general, saber que caracter\u00edsticas y preferencia tiene ciertas generaciones de personas, se nos hace interesante<\/p>\n\t\t<\/div>\n\t\t\t\t\t<a class=\"elementor-post__read-more\" href=\"https:\/\/reneaguirrephd.com\/es\/2022\/06\/18\/profesiones-para-nuevas-generaciones-postpandemia\/\" >\n\t\t\t\tLeer M\u00e1s \u00bb\t\t\t<\/a>\n\t\t\t\t<\/div>\n\t\t\t\t<div class=\"elementor-post__meta-data\">\n\t\t\t\t\t<span class=\"elementor-post-date\">\n\t\t\t18 de junio de 2022\t\t<\/span>\n\t\t\t\t<span class=\"elementor-post-avatar\">\n\t\t\tNo hay comentarios\t\t<\/span>\n\t\t\t\t<\/div>\n\t\t\t\t\t<\/div>\n\t\t<\/article>\n\t\t\t\t<article class=\"elementor-post elementor-grid-item post-2099 post type-post status-publish format-standard has-post-thumbnail hentry category-prensa\">\n\t\t\t<div class=\"elementor-post__card\">\n\t\t\t\t<a class=\"elementor-post__thumbnail__link\" href=\"https:\/\/reneaguirrephd.com\/es\/2022\/06\/13\/la-nueva-universidad-4-0-evolucion-o-extincion\/\" ><div class=\"elementor-post__thumbnail\"><img decoding=\"async\" width=\"959\" height=\"640\" src=\"https:\/\/reneaguirrephd.com\/es\/wp-content\/uploads\/2022\/06\/college-students-shutterstock_522554425.webp\" class=\"attachment-full size-full wp-image-2101\" alt=\"\" srcset=\"https:\/\/reneaguirrephd.com\/es\/wp-content\/uploads\/2022\/06\/college-students-shutterstock_522554425.webp 959w, https:\/\/reneaguirrephd.com\/es\/wp-content\/uploads\/2022\/06\/college-students-shutterstock_522554425-300x200.webp 300w, https:\/\/reneaguirrephd.com\/es\/wp-content\/uploads\/2022\/06\/college-students-shutterstock_522554425-768x513.webp 768w\" sizes=\"(max-width: 959px) 100vw, 959px\" \/><\/div><\/a>\n\t\t\t\t<div class=\"elementor-post__text\">\n\t\t\t\t<h3 class=\"elementor-post__title\">\n\t\t\t<a href=\"https:\/\/reneaguirrephd.com\/es\/2022\/06\/13\/la-nueva-universidad-4-0-evolucion-o-extincion\/\" >\n\t\t\t\tLa nueva universidad 4.0: evoluci\u00f3n o extinci\u00f3n\t\t\t<\/a>\n\t\t<\/h3>\n\t\t\t\t<div class=\"elementor-post__excerpt\">\n\t\t\t<p>La nueva universidad 4.0: evoluci\u00f3n o extinci\u00f3n Mucho hemos escuchado, antes de la pandemia, que la universidad, tal cual la conocemos, va a desaparecer. Este<\/p>\n\t\t<\/div>\n\t\t\t\t\t<a class=\"elementor-post__read-more\" href=\"https:\/\/reneaguirrephd.com\/es\/2022\/06\/13\/la-nueva-universidad-4-0-evolucion-o-extincion\/\" >\n\t\t\t\tLeer M\u00e1s \u00bb\t\t\t<\/a>\n\t\t\t\t<\/div>\n\t\t\t\t<div class=\"elementor-post__meta-data\">\n\t\t\t\t\t<span class=\"elementor-post-date\">\n\t\t\t13 de junio de 2022\t\t<\/span>\n\t\t\t\t<span class=\"elementor-post-avatar\">\n\t\t\tNo hay comentarios\t\t<\/span>\n\t\t\t\t<\/div>\n\t\t\t\t\t<\/div>\n\t\t<\/article>\n\t\t\t\t<article class=\"elementor-post elementor-grid-item post-2414 post type-post status-publish format-standard has-post-thumbnail hentry category-prensa\">\n\t\t\t<div class=\"elementor-post__card\">\n\t\t\t\t<a class=\"elementor-post__thumbnail__link\" href=\"https:\/\/reneaguirrephd.com\/es\/2017\/11\/23\/la-unexpo-prepara-su-lanzamiento-internacional\/\" ><div class=\"elementor-post__thumbnail\"><img decoding=\"async\" width=\"1024\" height=\"683\" src=\"https:\/\/reneaguirrephd.com\/es\/wp-content\/uploads\/2017\/11\/dsc_0284.jpg\" class=\"attachment-full size-full wp-image-2416\" alt=\"\" srcset=\"https:\/\/reneaguirrephd.com\/es\/wp-content\/uploads\/2017\/11\/dsc_0284.jpg 1024w, https:\/\/reneaguirrephd.com\/es\/wp-content\/uploads\/2017\/11\/dsc_0284-300x200.jpg 300w, https:\/\/reneaguirrephd.com\/es\/wp-content\/uploads\/2017\/11\/dsc_0284-768x512.jpg 768w\" sizes=\"(max-width: 1024px) 100vw, 1024px\" \/><\/div><\/a>\n\t\t\t\t<div class=\"elementor-post__text\">\n\t\t\t\t<h3 class=\"elementor-post__title\">\n\t\t\t<a href=\"https:\/\/reneaguirrephd.com\/es\/2017\/11\/23\/la-unexpo-prepara-su-lanzamiento-internacional\/\" >\n\t\t\t\tLa UNEXPO prepara su lanzamiento internacional\t\t\t<\/a>\n\t\t<\/h3>\n\t\t\t\t<div class=\"elementor-post__excerpt\">\n\t\t\t<p>La UNEXPO prepara su lanzamiento internacional Durante dos nutridas jornadas de trabajo e informaci\u00f3n, representantes de diversas \u00e1reas estrategicas de la UNEXPO, fueron instruidos por<\/p>\n\t\t<\/div>\n\t\t\t\t\t<a class=\"elementor-post__read-more\" href=\"https:\/\/reneaguirrephd.com\/es\/2017\/11\/23\/la-unexpo-prepara-su-lanzamiento-internacional\/\" >\n\t\t\t\tLeer M\u00e1s \u00bb\t\t\t<\/a>\n\t\t\t\t<\/div>\n\t\t\t\t<div class=\"elementor-post__meta-data\">\n\t\t\t\t\t<span class=\"elementor-post-date\">\n\t\t\t23 de noviembre de 2017\t\t<\/span>\n\t\t\t\t<span class=\"elementor-post-avatar\">\n\t\t\tNo hay comentarios\t\t<\/span>\n\t\t\t\t<\/div>\n\t\t\t\t\t<\/div>\n\t\t<\/article>\n\t\t\t\t<article class=\"elementor-post elementor-grid-item post-2195 post type-post status-publish format-standard has-post-thumbnail hentry category-prensa\">\n\t\t\t<div class=\"elementor-post__card\">\n\t\t\t\t<a class=\"elementor-post__thumbnail__link\" href=\"https:\/\/reneaguirrephd.com\/es\/2017\/11\/02\/colegio-de-abogados-del-estado-zulia-firma-convenio-con-la-universidad-de-yacambu\/\" ><div class=\"elementor-post__thumbnail\"><img loading=\"lazy\" decoding=\"async\" width=\"624\" height=\"390\" src=\"https:\/\/reneaguirrephd.com\/es\/wp-content\/uploads\/2017\/11\/130190b.jpg\" class=\"attachment-full size-full wp-image-2197\" alt=\"\" srcset=\"https:\/\/reneaguirrephd.com\/es\/wp-content\/uploads\/2017\/11\/130190b.jpg 624w, https:\/\/reneaguirrephd.com\/es\/wp-content\/uploads\/2017\/11\/130190b-300x188.jpg 300w\" sizes=\"(max-width: 624px) 100vw, 624px\" \/><\/div><\/a>\n\t\t\t\t<div class=\"elementor-post__text\">\n\t\t\t\t<h3 class=\"elementor-post__title\">\n\t\t\t<a href=\"https:\/\/reneaguirrephd.com\/es\/2017\/11\/02\/colegio-de-abogados-del-estado-zulia-firma-convenio-con-la-universidad-de-yacambu\/\" >\n\t\t\t\tColegio de Abogados del estado Zulia firma convenio con la Universidad de Yacamb\u00fa\t\t\t<\/a>\n\t\t<\/h3>\n\t\t\t\t<div class=\"elementor-post__excerpt\">\n\t\t\t<p>Colegio de Abogados del estado Zulia firma convenio con la Universidad de Yacamb\u00fa En las instalaciones del Colegio de Abogados del estado Zulia se llev\u00f3<\/p>\n\t\t<\/div>\n\t\t\t\t\t<a class=\"elementor-post__read-more\" href=\"https:\/\/reneaguirrephd.com\/es\/2017\/11\/02\/colegio-de-abogados-del-estado-zulia-firma-convenio-con-la-universidad-de-yacambu\/\" >\n\t\t\t\tLeer M\u00e1s \u00bb\t\t\t<\/a>\n\t\t\t\t<\/div>\n\t\t\t\t<div class=\"elementor-post__meta-data\">\n\t\t\t\t\t<span class=\"elementor-post-date\">\n\t\t\t2 de noviembre de 2017\t\t<\/span>\n\t\t\t\t<span class=\"elementor-post-avatar\">\n\t\t\tNo hay comentarios\t\t<\/span>\n\t\t\t\t<\/div>\n\t\t\t\t\t<\/div>\n\t\t<\/article>\n\t\t\t\t<article class=\"elementor-post elementor-grid-item post-2381 post type-post status-publish format-standard has-post-thumbnail hentry category-prensa\">\n\t\t\t<div class=\"elementor-post__card\">\n\t\t\t\t<a class=\"elementor-post__thumbnail__link\" href=\"https:\/\/reneaguirrephd.com\/es\/2017\/05\/23\/el-doctor-rene-aguirre-bracho-se-incorporo-en-calidad-de-asesor-al-equipo-de-trabajo-de-la-direccion-de-relaciones-interinstitucionales-dri-de-la-universidad-del-zulia-luz\/\" ><div class=\"elementor-post__thumbnail\"><img loading=\"lazy\" decoding=\"async\" width=\"640\" height=\"428\" src=\"https:\/\/reneaguirrephd.com\/es\/wp-content\/uploads\/2017\/05\/18622270_811739712315982_8759245913916205086_n.jpg\" class=\"attachment-full size-full wp-image-2383\" alt=\"\" srcset=\"https:\/\/reneaguirrephd.com\/es\/wp-content\/uploads\/2017\/05\/18622270_811739712315982_8759245913916205086_n.jpg 640w, https:\/\/reneaguirrephd.com\/es\/wp-content\/uploads\/2017\/05\/18622270_811739712315982_8759245913916205086_n-300x201.jpg 300w\" sizes=\"(max-width: 640px) 100vw, 640px\" \/><\/div><\/a>\n\t\t\t\t<div class=\"elementor-post__text\">\n\t\t\t\t<h3 class=\"elementor-post__title\">\n\t\t\t<a href=\"https:\/\/reneaguirrephd.com\/es\/2017\/05\/23\/el-doctor-rene-aguirre-bracho-se-incorporo-en-calidad-de-asesor-al-equipo-de-trabajo-de-la-direccion-de-relaciones-interinstitucionales-dri-de-la-universidad-del-zulia-luz\/\" >\n\t\t\t\tEl doctor Ren\u00e9 Aguirre Bracho se incorpor\u00f3, en calidad de asesor, al equipo de trabajo de la Direcci\u00f3n de Relaciones Interinstitucionales (DRI) de la Universidad del Zulia (LUZ).\t\t\t<\/a>\n\t\t<\/h3>\n\t\t\t\t<div class=\"elementor-post__excerpt\">\n\t\t\t<p>El doctor Ren\u00e9 Aguirre Bracho se incorpor\u00f3, en calidad de asesor, al equipo de trabajo de la Direcci\u00f3n de Relaciones Interinstitucionales (DRI) de la Universidad<\/p>\n\t\t<\/div>\n\t\t\t\t\t<a class=\"elementor-post__read-more\" href=\"https:\/\/reneaguirrephd.com\/es\/2017\/05\/23\/el-doctor-rene-aguirre-bracho-se-incorporo-en-calidad-de-asesor-al-equipo-de-trabajo-de-la-direccion-de-relaciones-interinstitucionales-dri-de-la-universidad-del-zulia-luz\/\" >\n\t\t\t\tLeer M\u00e1s \u00bb\t\t\t<\/a>\n\t\t\t\t<\/div>\n\t\t\t\t<div class=\"elementor-post__meta-data\">\n\t\t\t\t\t<span class=\"elementor-post-date\">\n\t\t\t23 de mayo de 2017\t\t<\/span>\n\t\t\t\t<span class=\"elementor-post-avatar\">\n\t\t\tNo hay comentarios\t\t<\/span>\n\t\t\t\t<\/div>\n\t\t\t\t\t<\/div>\n\t\t<\/article>\n\t\t\t\t<article class=\"elementor-post elementor-grid-item post-2188 post type-post status-publish format-standard has-post-thumbnail hentry category-prensa\">\n\t\t\t<div class=\"elementor-post__card\">\n\t\t\t\t<a class=\"elementor-post__thumbnail__link\" href=\"https:\/\/reneaguirrephd.com\/es\/2016\/09\/13\/convenio\/\" ><div class=\"elementor-post__thumbnail\"><img loading=\"lazy\" decoding=\"async\" width=\"800\" height=\"523\" src=\"https:\/\/reneaguirrephd.com\/es\/wp-content\/uploads\/2016\/09\/FOTO7-12.jpg\" class=\"attachment-full size-full wp-image-2190\" alt=\"\" srcset=\"https:\/\/reneaguirrephd.com\/es\/wp-content\/uploads\/2016\/09\/FOTO7-12.jpg 800w, https:\/\/reneaguirrephd.com\/es\/wp-content\/uploads\/2016\/09\/FOTO7-12-300x196.jpg 300w, https:\/\/reneaguirrephd.com\/es\/wp-content\/uploads\/2016\/09\/FOTO7-12-768x502.jpg 768w\" sizes=\"(max-width: 800px) 100vw, 800px\" \/><\/div><\/a>\n\t\t\t\t<div class=\"elementor-post__text\">\n\t\t\t\t<h3 class=\"elementor-post__title\">\n\t\t\t<a href=\"https:\/\/reneaguirrephd.com\/es\/2016\/09\/13\/convenio\/\" >\n\t\t\t\tConvenio\t\t\t<\/a>\n\t\t<\/h3>\n\t\t\t\t<div class=\"elementor-post__excerpt\">\n\t\t\t<p>Convenio La Escuela de Educaci\u00f3n de Colombia Valledupar&nbsp;ESESCO, suscribi\u00f3 un convenio de cooperaci\u00f3n educativa que establece estudios de maestr\u00edas y doctorados, con Urbe en Miami.<\/p>\n\t\t<\/div>\n\t\t\t\t\t<a class=\"elementor-post__read-more\" href=\"https:\/\/reneaguirrephd.com\/es\/2016\/09\/13\/convenio\/\" >\n\t\t\t\tLeer M\u00e1s \u00bb\t\t\t<\/a>\n\t\t\t\t<\/div>\n\t\t\t\t<div class=\"elementor-post__meta-data\">\n\t\t\t\t\t<span class=\"elementor-post-date\">\n\t\t\t13 de septiembre de 2016\t\t<\/span>\n\t\t\t\t<span class=\"elementor-post-avatar\">\n\t\t\tNo hay comentarios\t\t<\/span>\n\t\t\t\t<\/div>\n\t\t\t\t\t<\/div>\n\t\t<\/article>\n\t\t\t\t<\/div>\n\n\n\t\t\n\t\t\t\t<div class=\"e-load-more-anchor\" data-page=\"1\" data-max-page=\"3\" data-next-page=\"https:\/\/reneaguirrephd.com\/es\/wp-json\/wp\/v2\/pages\/2117\/page\/2\/\"><\/div>\n\t\t\t\t<nav class=\"elementor-pagination\" role=\"navigation\" aria-label=\"Pagination\">\n\t\t\t<span class=\"page-numbers prev\">&laquo; Anterior<\/span>\n<span aria-current=\"page\" class=\"page-numbers current\"><span class=\"elementor-screen-only\">Page<\/span>1<\/span>\n<a class=\"page-numbers\" href=\"https:\/\/reneaguirrephd.com\/es\/wp-json\/wp\/v2\/pages\/2117\/page\/2\/\"><span class=\"elementor-screen-only\">Page<\/span>2<\/a>\n<a class=\"page-numbers\" href=\"https:\/\/reneaguirrephd.com\/es\/wp-json\/wp\/v2\/pages\/2117\/page\/3\/\"><span class=\"elementor-screen-only\">Page<\/span>3<\/a>\n<a class=\"page-numbers next\" href=\"https:\/\/reneaguirrephd.com\/es\/wp-json\/wp\/v2\/pages\/2117\/page\/2\/\">Siguiente &raquo;<\/a>\t\t<\/nav>\n\t\t\t\t\t\t<\/div>\n\t\t\t\t<\/div>\n\t\t\t\t\t<\/div>\n\t\t<\/div>\n\t\t\t\t\t<\/div>\n\t\t<\/section>\n\t\t\t\t<\/div>\n\t\t","protected":false},"excerpt":{"rendered":"<p>Prensa<\/p>\n","protected":false},"author":1,"featured_media":0,"parent":0,"menu_order":0,"comment_status":"closed","ping_status":"closed","template":"","meta":{"footnotes":""},"class_list":["post-2117","page","type-page","status-publish","hentry"],"yoast_head":"<!-- This site is optimized with the Yoast SEO Premium plugin v20.6 (Yoast SEO v25.6) - https:\/\/yoast.com\/wordpress\/plugins\/seo\/ -->\n<title>Prensa - Rene Aguirre, PhD<\/title>\n<meta name=\"robots\" content=\"index, follow, max-snippet:-1, max-image-preview:large, max-video-preview:-1\" \/>\n<link rel=\"canonical\" href=\"https:\/\/reneaguirrephd.com\/es\/prensa\/\" \/>\n<meta property=\"og:locale\" content=\"es_ES\" \/>\n<meta property=\"og:type\" content=\"article\" \/>\n<meta property=\"og:title\" content=\"Prensa\" \/>\n<meta property=\"og:description\" content=\"Prensa\" \/>\n<meta property=\"og:url\" content=\"https:\/\/reneaguirrephd.com\/es\/prensa\/\" \/>\n<meta property=\"og:site_name\" content=\"Rene Aguirre, PhD\" \/>\n<meta property=\"article:modified_time\" content=\"2022-06-21T03:35:31+00:00\" \/>\n<meta name=\"twitter:card\" content=\"summary_large_image\" \/>\n<script type=\"application\/ld+json\" class=\"yoast-schema-graph\">{\"@context\":\"https:\/\/schema.org\",\"@graph\":[{\"@type\":\"WebPage\",\"@id\":\"https:\/\/reneaguirrephd.com\/es\/prensa\/\",\"url\":\"https:\/\/reneaguirrephd.com\/es\/prensa\/\",\"name\":\"Prensa - Rene Aguirre, PhD\",\"isPartOf\":{\"@id\":\"https:\/\/reneaguirrephd.com\/es\/#website\"},\"datePublished\":\"2022-06-18T22:03:20+00:00\",\"dateModified\":\"2022-06-21T03:35:31+00:00\",\"breadcrumb\":{\"@id\":\"https:\/\/reneaguirrephd.com\/es\/prensa\/#breadcrumb\"},\"inLanguage\":\"es\",\"potentialAction\":[{\"@type\":\"ReadAction\",\"target\":[\"https:\/\/reneaguirrephd.com\/es\/prensa\/\"]}]},{\"@type\":\"BreadcrumbList\",\"@id\":\"https:\/\/reneaguirrephd.com\/es\/prensa\/#breadcrumb\",\"itemListElement\":[{\"@type\":\"ListItem\",\"position\":1,\"name\":\"Portada\",\"item\":\"https:\/\/reneaguirrephd.com\/es\/\"},{\"@type\":\"ListItem\",\"position\":2,\"name\":\"Prensa\"}]},{\"@type\":\"WebSite\",\"@id\":\"https:\/\/reneaguirrephd.com\/es\/#website\",\"url\":\"https:\/\/reneaguirrephd.com\/es\/\",\"name\":\"Rene Aguirre, PhD\",\"description\":\"\",\"publisher\":{\"@id\":\"https:\/\/reneaguirrephd.com\/es\/#organization\"},\"potentialAction\":[{\"@type\":\"SearchAction\",\"target\":{\"@type\":\"EntryPoint\",\"urlTemplate\":\"https:\/\/reneaguirrephd.com\/es\/?s={search_term_string}\"},\"query-input\":{\"@type\":\"PropertyValueSpecification\",\"valueRequired\":true,\"valueName\":\"search_term_string\"}}],\"inLanguage\":\"es\"},{\"@type\":\"Organization\",\"@id\":\"https:\/\/reneaguirrephd.com\/es\/#organization\",\"name\":\"Rene Aguirre, PhD\",\"url\":\"https:\/\/reneaguirrephd.com\/es\/\",\"logo\":{\"@type\":\"ImageObject\",\"inLanguage\":\"es\",\"@id\":\"https:\/\/reneaguirrephd.com\/es\/#\/schema\/logo\/image\/\",\"url\":\"https:\/\/reneaguirrephd.com\/es\/wp-content\/uploads\/2022\/01\/logo.png\",\"contentUrl\":\"https:\/\/reneaguirrephd.com\/es\/wp-content\/uploads\/2022\/01\/logo.png\",\"width\":180,\"height\":172,\"caption\":\"Rene Aguirre, PhD\"},\"image\":{\"@id\":\"https:\/\/reneaguirrephd.com\/es\/#\/schema\/logo\/image\/\"}}]}<\/script>\n<!-- \/ Yoast SEO Premium plugin. -->","yoast_head_json":{"title":"Prensa - Rene Aguirre, PhD","robots":{"index":"index","follow":"follow","max-snippet":"max-snippet:-1","max-image-preview":"max-image-preview:large","max-video-preview":"max-video-preview:-1"},"canonical":"https:\/\/reneaguirrephd.com\/es\/prensa\/","og_locale":"es_ES","og_type":"article","og_title":"Prensa","og_description":"Prensa","og_url":"https:\/\/reneaguirrephd.com\/es\/prensa\/","og_site_name":"Rene Aguirre, PhD","article_modified_time":"2022-06-21T03:35:31+00:00","twitter_card":"summary_large_image","schema":{"@context":"https:\/\/schema.org","@graph":[{"@type":"WebPage","@id":"https:\/\/reneaguirrephd.com\/es\/prensa\/","url":"https:\/\/reneaguirrephd.com\/es\/prensa\/","name":"Prensa - Rene Aguirre, PhD","isPartOf":{"@id":"https:\/\/reneaguirrephd.com\/es\/#website"},"datePublished":"2022-06-18T22:03:20+00:00","dateModified":"2022-06-21T03:35:31+00:00","breadcrumb":{"@id":"https:\/\/reneaguirrephd.com\/es\/prensa\/#breadcrumb"},"inLanguage":"es","potentialAction":[{"@type":"ReadAction","target":["https:\/\/reneaguirrephd.com\/es\/prensa\/"]}]},{"@type":"BreadcrumbList","@id":"https:\/\/reneaguirrephd.com\/es\/prensa\/#breadcrumb","itemListElement":[{"@type":"ListItem","position":1,"name":"Portada","item":"https:\/\/reneaguirrephd.com\/es\/"},{"@type":"ListItem","position":2,"name":"Prensa"}]},{"@type":"WebSite","@id":"https:\/\/reneaguirrephd.com\/es\/#website","url":"https:\/\/reneaguirrephd.com\/es\/","name":"Rene Aguirre, PhD","description":"","publisher":{"@id":"https:\/\/reneaguirrephd.com\/es\/#organization"},"potentialAction":[{"@type":"SearchAction","target":{"@type":"EntryPoint","urlTemplate":"https:\/\/reneaguirrephd.com\/es\/?s={search_term_string}"},"query-input":{"@type":"PropertyValueSpecification","valueRequired":true,"valueName":"search_term_string"}}],"inLanguage":"es"},{"@type":"Organization","@id":"https:\/\/reneaguirrephd.com\/es\/#organization","name":"Rene Aguirre, PhD","url":"https:\/\/reneaguirrephd.com\/es\/","logo":{"@type":"ImageObject","inLanguage":"es","@id":"https:\/\/reneaguirrephd.com\/es\/#\/schema\/logo\/image\/","url":"https:\/\/reneaguirrephd.com\/es\/wp-content\/uploads\/2022\/01\/logo.png","contentUrl":"https:\/\/reneaguirrephd.com\/es\/wp-content\/uploads\/2022\/01\/logo.png","width":180,"height":172,"caption":"Rene Aguirre, PhD"},"image":{"@id":"https:\/\/reneaguirrephd.com\/es\/#\/schema\/logo\/image\/"}}]}},"_links":{"self":[{"href":"https:\/\/reneaguirrephd.com\/es\/wp-json\/wp\/v2\/pages\/2117","targetHints":{"allow":["GET"]}}],"collection":[{"href":"https:\/\/reneaguirrephd.com\/es\/wp-json\/wp\/v2\/pages"}],"about":[{"href":"https:\/\/reneaguirrephd.com\/es\/wp-json\/wp\/v2\/types\/page"}],"author":[{"embeddable":true,"href":"https:\/\/reneaguirrephd.com\/es\/wp-json\/wp\/v2\/users\/1"}],"replies":[{"embeddable":true,"href":"https:\/\/reneaguirrephd.com\/es\/wp-json\/wp\/v2\/comments?post=2117"}],"version-history":[{"count":11,"href":"https:\/\/reneaguirrephd.com\/es\/wp-json\/wp\/v2\/pages\/2117\/revisions"}],"predecessor-version":[{"id":2370,"href":"https:\/\/reneaguirrephd.com\/es\/wp-json\/wp\/v2\/pages\/2117\/revisions\/2370"}],"wp:attachment":[{"href":"https:\/\/reneaguirrephd.com\/es\/wp-json\/wp\/v2\/media?parent=2117"}],"curies":[{"name":"wp","href":"https:\/\/api.w.org\/{rel}","templated":true}]}}